{"id":30898,"date":"2017-11-30T13:40:29","date_gmt":"2017-11-30T13:40:29","guid":{"rendered":"https:\/\/www.sandsofsilence.org\/proyecciones\/europe\/"},"modified":"2019-11-24T12:27:21","modified_gmt":"2019-11-24T12:27:21","slug":"europa","status":"publish","type":"page","link":"https:\/\/www.sandsofsilence.org\/es\/proyecciones\/europa\/","title":{"rendered":"EUROPE"},"content":{"rendered":"<div class=\"wpb-content-wrapper\"><p>[vc_section full_width=\u00bbstretch_row\u00bb el_class=\u00bbhero\u00bb css=\u00bb.vc_custom_1505915986119{background-image: url(https:\/\/www.sandsofsilence.org\/wp-content\/uploads\/2017\/08\/hero-bg.jpg?id=29219) !important;}\u00bb][vc_row el_class=\u00bb \u00bb css=\u00bb.vc_custom_1505916008363{padding-bottom: 40px !important;}\u00bb][vc_column][vc_column_text]<\/p>\n<h3 class=\"font-52 white\" style=\"text-align: center;\">Proyecciones en Europa<\/h3>\n<p>[\/vc_column_text][\/vc_column][\/vc_row][vc_row][\/vc_row][vc_column][\/vc_column][vc_column_text][\/vc_column_text][vc_row][\/vc_row][vc_column][\/vc_column][vc_column_text][\/vc_column_text][vc_row][\/vc_row][vc_column][\/vc_column][vc_column_text][\/vc_column_text][vc_row][\/vc_row][vc_column][\/vc_column][vc_column_text][\/vc_column_text][vc_row][\/vc_row][vc_column][\/vc_column][vc_column_text][\/vc_column_text][vc_row][\/vc_row][vc_column][\/vc_column][vc_column_text][\/vc_column_text][vc_row][\/vc_row][vc_column][\/vc_column][vc_column_text][\/vc_column_text][\/vc_section][vc_row][vc_column][vc_separator][\/vc_column][\/vc_row][vc_row][vc_column][vc_column_text css=\u00bb.vc_custom_1514922588056{padding-top: 20px !important;padding-bottom: 30px !important;background-color: #efefef !important;}\u00bb]<\/p>\n<h4 style=\"text-align: center;\"><\/h4>\n<h3 style=\"text-align: center;\">Despl\u00e1zate abajo para<\/h3>\n<h3 style=\"text-align: center;\">PROYECCIONES en 2019<\/h3>\n<p style=\"text-align: center;\">\n<p>[\/vc_column_text][\/vc_column][\/vc_row][vc_row][vc_column][vc_separator][\/vc_column][\/vc_row][vc_row][vc_column][vc_column_text css=\u00bb.vc_custom_1514923861757{padding-top: 20px !important;padding-bottom: 30px !important;background-color: #efefef !important;}\u00bb]<\/p>\n<h2 style=\"text-align: center;\">DESTACADO<\/h2>\n<h4 style=\"text-align: center;\"><strong>Un honor haber presentado la pel\u00edcula en el<\/strong><\/h4>\n<h3 style=\"text-align: center;\"><strong>Parlamento Europeo<\/strong><\/h3>\n<h3 style=\"text-align: center;\"><strong>BRUSELAS<\/strong><\/h3>\n<p style=\"text-align: center;\"><strong>21 de noviembre de 2017<\/strong><\/p>\n<p style=\"text-align: center;\">Proyecci\u00f3n y Panel con<\/p>\n<p style=\"text-align: center;\">Miembros del Parlamento:<\/p>\n<p style=\"text-align: center;\">MEP Iratxe Garc\u00eda P\u00e9rez<\/p>\n<p style=\"text-align: center;\">MEP Zita Gurmai (PES Women)<\/p>\n<p style=\"text-align: center;\">y presencia de la directora Chelo Alvarez-Stehle<\/p>\n<p><img loading=\"lazy\" decoding=\"async\" class=\"aligncenter wp-image-31934 size-large\" src=\"https:\/\/www.sandsofsilence.org\/wp-content\/uploads\/2018\/05\/SOS-EU-Parliament-11_21_2017-Chelo-Listening-to-audience-2-1024x577.png?_t=1526693050\" alt=\"\" width=\"640\" height=\"361\" srcset=\"https:\/\/www.sandsofsilence.org\/wp-content\/uploads\/2018\/05\/SOS-EU-Parliament-11_21_2017-Chelo-Listening-to-audience-2-1024x577.png 1024w, https:\/\/www.sandsofsilence.org\/wp-content\/uploads\/2018\/05\/SOS-EU-Parliament-11_21_2017-Chelo-Listening-to-audience-2-300x169.png 300w, https:\/\/www.sandsofsilence.org\/wp-content\/uploads\/2018\/05\/SOS-EU-Parliament-11_21_2017-Chelo-Listening-to-audience-2-768x433.png 768w, https:\/\/www.sandsofsilence.org\/wp-content\/uploads\/2018\/05\/SOS-EU-Parliament-11_21_2017-Chelo-Listening-to-audience-2-600x338.png 600w\" sizes=\"auto, (max-width: 640px) 100vw, 640px\" \/><\/p>\n<p><img loading=\"lazy\" decoding=\"async\" class=\"wp-image-31936 aligncenter\" src=\"https:\/\/www.sandsofsilence.org\/wp-content\/uploads\/2018\/05\/SOS-@-EU-Parliament-MEP-Julie-Ward_MEP-Zita-Gurmain_Sangita_Chelo-300x188.jpg\" alt=\"\" width=\"400\" height=\"250\" srcset=\"https:\/\/www.sandsofsilence.org\/wp-content\/uploads\/2018\/05\/SOS-@-EU-Parliament-MEP-Julie-Ward_MEP-Zita-Gurmain_Sangita_Chelo-300x188.jpg 300w, https:\/\/www.sandsofsilence.org\/wp-content\/uploads\/2018\/05\/SOS-@-EU-Parliament-MEP-Julie-Ward_MEP-Zita-Gurmain_Sangita_Chelo-768x480.jpg 768w, https:\/\/www.sandsofsilence.org\/wp-content\/uploads\/2018\/05\/SOS-@-EU-Parliament-MEP-Julie-Ward_MEP-Zita-Gurmain_Sangita_Chelo-600x375.jpg 600w, https:\/\/www.sandsofsilence.org\/wp-content\/uploads\/2018\/05\/SOS-@-EU-Parliament-MEP-Julie-Ward_MEP-Zita-Gurmain_Sangita_Chelo.jpg 900w\" sizes=\"auto, (max-width: 400px) 100vw, 400px\" \/><\/p>\n<p style=\"text-align: center;\">MEP Julie Ward, MEP Zita Gurmai, Sangita Stehle, Chelo Alvarez-Stehle<\/p>\n<p>[\/vc_column_text][\/vc_column][\/vc_row][vc_row][vc_column][vc_separator][\/vc_column][\/vc_row][vc_row][vc_column][vc_column_text css=\u00bb.vc_custom_1514923861757{padding-top: 20px !important;padding-bottom: 30px !important;background-color: #efefef !important;}\u00bb]<\/p>\n<h3 style=\"text-align: center;\">2019<\/h3>\n<h3 style=\"text-align: center;\">PR\u00d3XIMAS PROYECCIONES<\/h3>\n<p>[\/vc_column_text][\/vc_column][\/vc_row][vc_row][vc_column][vc_separator][\/vc_column][\/vc_row][vc_row][vc_column][vc_column_text css=\u00bb.vc_custom_1514923861757{padding-top: 20px !important;padding-bottom: 30px !important;background-color: #efefef !important;}\u00bb]<\/p>\n<h2 style=\"text-align: center;\"><strong><a href=\"https:\/\/www.sandsofsilence.org\/wp-content\/uploads\/2019\/11\/Screenshot-2019-11-24-13.10.37.png\"><img decoding=\"async\" src=\"https:\/\/www.sandsofsilence.org\/wp-content\/uploads\/2019\/11\/Screenshot-2019-11-24-13.10.37.png\" \/><br \/>\n<\/a><\/strong><\/h2>\n<h2 style=\"text-align: center;\"><\/h2>\n<h2 style=\"text-align: center;\"><strong>Universidad del Pa\u00eds Vasco<\/strong><\/h2>\n<h2 style=\"text-align: center;\">4 de diciembre<\/h2>\n<p style=\"text-align: center;\"><strong>Proyecci\u00f3n y debate con la directora Chelo Alvarez-Stehle<\/strong><\/p>\n<p style=\"text-align: center;\">Presenta:<\/p>\n<p style=\"text-align: center;\"><strong>Gema Varona Mart\u00ednez &#8211; Instituto Vasco de Criminolog\u00eda<\/strong><\/p>\n<p>&nbsp;<\/p>\n<p style=\"text-align: left;\">\n<p>[\/vc_column_text][\/vc_column][\/vc_row][vc_row][vc_column][vc_separator][\/vc_column][\/vc_row][vc_row][vc_column][vc_column_text css=\u00bb.vc_custom_1514923861757{padding-top: 20px !important;padding-bottom: 30px !important;background-color: #efefef !important;}\u00bb]<\/p>\n<h2 style=\"text-align: center;\">D\u00eda Internacional por la Eliminaci\u00f3n de la Violencia contra la Mujer<\/h2>\n<h2 style=\"text-align: center;\"><\/h2>\n<h2 style=\"text-align: center;\">2 de diciembre<\/h2>\n<h2 style=\"text-align: center;\">19 H<\/h2>\n<p style=\"text-align: center;\"><strong>Proyecci\u00f3n y debate con la directora<\/strong><\/p>\n<p style=\"text-align: center;\"><strong> Chelo Alvarez-Stehle<\/strong><\/p>\n<h2 style=\"text-align: center;\"><strong>Barcelona<\/strong><\/h2>\n<p style=\"text-align: center;\">Presenta:\u00a0<strong>Agnela Dom\u00ednguez (SGAE)<\/strong><\/p>\n<p style=\"text-align: center;\">Modera:\u00a0<strong>Carme Puche (Dones Visuals)<\/strong><\/p>\n<p style=\"text-align: center;\">Organizado por:<\/p>\n<p style=\"text-align: center;\"><strong>SGAE<\/strong><\/p>\n<p style=\"text-align: center;\"><strong>Dones Visuals<\/strong><\/p>\n<p style=\"text-align: center;\"><strong>Mostra Internacional de Films de Dones<\/strong><\/p>\n<p style=\"text-align: center;\"><strong>CIMA<\/strong><\/p>\n<p style=\"text-align: center;\">Sala Mompou &#8211; SGAE<\/p>\n<p style=\"text-align: center;\">Passeig Colom 6, 08002 Barcelona<\/p>\n<p><a href=\"https:\/\/www.sandsofsilence.org\/wp-content\/uploads\/2019\/11\/50-CAT_Invitacio_Projeccio-Sands-of-Silence-2-desembre_SGAE-copy-scaled.jpg\"><img loading=\"lazy\" decoding=\"async\" class=\"size-large wp-image-33136 aligncenter\" src=\"https:\/\/www.sandsofsilence.org\/wp-content\/uploads\/2019\/11\/50-CAT_Invitacio_Projeccio-Sands-of-Silence-2-desembre_SGAE-copy-683x1024.jpg\" alt=\"\" width=\"640\" height=\"960\" srcset=\"https:\/\/www.sandsofsilence.org\/wp-content\/uploads\/2019\/11\/50-CAT_Invitacio_Projeccio-Sands-of-Silence-2-desembre_SGAE-copy-683x1024.jpg 683w, https:\/\/www.sandsofsilence.org\/wp-content\/uploads\/2019\/11\/50-CAT_Invitacio_Projeccio-Sands-of-Silence-2-desembre_SGAE-copy-200x300.jpg 200w, https:\/\/www.sandsofsilence.org\/wp-content\/uploads\/2019\/11\/50-CAT_Invitacio_Projeccio-Sands-of-Silence-2-desembre_SGAE-copy-768x1152.jpg 768w, https:\/\/www.sandsofsilence.org\/wp-content\/uploads\/2019\/11\/50-CAT_Invitacio_Projeccio-Sands-of-Silence-2-desembre_SGAE-copy-1024x1536.jpg 1024w, https:\/\/www.sandsofsilence.org\/wp-content\/uploads\/2019\/11\/50-CAT_Invitacio_Projeccio-Sands-of-Silence-2-desembre_SGAE-copy-1365x2048.jpg 1365w, https:\/\/www.sandsofsilence.org\/wp-content\/uploads\/2019\/11\/50-CAT_Invitacio_Projeccio-Sands-of-Silence-2-desembre_SGAE-copy-600x900.jpg 600w, https:\/\/www.sandsofsilence.org\/wp-content\/uploads\/2019\/11\/50-CAT_Invitacio_Projeccio-Sands-of-Silence-2-desembre_SGAE-copy-scaled.jpg 1707w\" sizes=\"auto, (max-width: 640px) 100vw, 640px\" \/><\/a><\/p>\n<p>[\/vc_column_text][\/vc_column][\/vc_row][vc_row][vc_column][vc_separator][\/vc_column][\/vc_row][vc_row][vc_column][vc_column_text css=\u00bb.vc_custom_1514923861757{padding-top: 20px !important;padding-bottom: 30px !important;background-color: #efefef !important;}\u00bb]<\/p>\n<h2 style=\"text-align: center;\"><a href=\"https:\/\/filmfest.frauenrechte.de\/en.htm\" target=\"_blank\" rel=\"noopener noreferrer\"><img loading=\"lazy\" decoding=\"async\" class=\"alignnone size-large wp-image-33025\" src=\"https:\/\/www.sandsofsilence.org\/wp-content\/uploads\/2019\/09\/Screen-Shot-2019-09-11-at-11.48.01-AM-1024x255.png\" alt=\"\" width=\"640\" height=\"159\" srcset=\"https:\/\/www.sandsofsilence.org\/wp-content\/uploads\/2019\/09\/Screen-Shot-2019-09-11-at-11.48.01-AM-1024x255.png 1024w, https:\/\/www.sandsofsilence.org\/wp-content\/uploads\/2019\/09\/Screen-Shot-2019-09-11-at-11.48.01-AM-300x75.png 300w, https:\/\/www.sandsofsilence.org\/wp-content\/uploads\/2019\/09\/Screen-Shot-2019-09-11-at-11.48.01-AM-768x191.png 768w, https:\/\/www.sandsofsilence.org\/wp-content\/uploads\/2019\/09\/Screen-Shot-2019-09-11-at-11.48.01-AM-600x149.png 600w\" sizes=\"auto, (max-width: 640px) 100vw, 640px\" \/><\/a><\/h2>\n<h2 style=\"text-align: center;\">TERRE DES FEMMES<\/h2>\n<h2 style=\"text-align: center;\"><a href=\"https:\/\/filmfest.frauenrechte.de\/en.htm\" target=\"_blank\" rel=\"noopener noreferrer\">WOMEN&#8217;S WORLD FILM FESTIVAL<\/a><\/h2>\n<p style=\"text-align: center;\"><strong>Human Rights of Women in the Mirror of Film<\/strong><\/p>\n<h2 style=\"text-align: center;\"><strong>T\u00fcbingen, Alemania<\/strong><\/h2>\n<p style=\"text-align: center;\"><strong>27 de noviembre de 2019<\/strong><\/p>\n<p style=\"text-align: center;\"><strong>18 H<\/strong><\/p>\n<p style=\"text-align: center;\"><strong>Proyecci\u00f3n y debate con la directora<\/strong><\/p>\n<p style=\"text-align: center;\"><strong> Chelo Alvarez-Stehle<\/strong><\/p>\n<p>&nbsp;<\/p>\n<p style=\"text-align: center;\"><strong>Kino Museum <\/strong><\/p>\n<p style=\"text-align: center;\">Am Stadtgraben 2, 72070 T\u00fcbingen<\/p>\n<p>[\/vc_column_text][\/vc_column][\/vc_row][vc_row][vc_column][vc_separator][\/vc_column][\/vc_row][vc_row][vc_column][vc_column_text css=\u00bb.vc_custom_1514923861757{padding-top: 20px !important;padding-bottom: 30px !important;background-color: #efefef !important;}\u00bb]<\/p>\n<div class=\"page\" title=\"Page 1\">\n<div class=\"section\">\n<div class=\"layoutArea\">\n<div class=\"column\">\n<h2 style=\"text-align: center;\"><a href=\"https:\/\/www.sandsofsilence.org\/wp-content\/uploads\/2019\/11\/Screenshot-2019-11-24-12.59.08-scaled.png\"><img loading=\"lazy\" decoding=\"async\" class=\"size-large wp-image-33149 aligncenter\" src=\"https:\/\/www.sandsofsilence.org\/wp-content\/uploads\/2019\/11\/Screenshot-2019-11-24-12.59.08-1024x375.png\" alt=\"\" width=\"640\" height=\"234\" srcset=\"https:\/\/www.sandsofsilence.org\/wp-content\/uploads\/2019\/11\/Screenshot-2019-11-24-12.59.08-1024x375.png 1024w, https:\/\/www.sandsofsilence.org\/wp-content\/uploads\/2019\/11\/Screenshot-2019-11-24-12.59.08-300x110.png 300w, https:\/\/www.sandsofsilence.org\/wp-content\/uploads\/2019\/11\/Screenshot-2019-11-24-12.59.08-768x281.png 768w, https:\/\/www.sandsofsilence.org\/wp-content\/uploads\/2019\/11\/Screenshot-2019-11-24-12.59.08-1536x562.png 1536w, https:\/\/www.sandsofsilence.org\/wp-content\/uploads\/2019\/11\/Screenshot-2019-11-24-12.59.08-2048x749.png 2048w, https:\/\/www.sandsofsilence.org\/wp-content\/uploads\/2019\/11\/Screenshot-2019-11-24-12.59.08-600x220.png 600w\" sizes=\"auto, (max-width: 640px) 100vw, 640px\" \/><\/a><\/h2>\n<h2 style=\"text-align: center;\">Geschwister Scholl Schule (GSS) High School<\/h2>\n<\/div>\n<\/div>\n<\/div>\n<\/div>\n<h2 style=\"text-align: center;\"><strong>T\u00fcbingen, Germany<\/strong><\/h2>\n<p style=\"text-align: center;\"><strong>27 November 2019,\u00a0<\/strong><strong>8:30 H<\/strong><\/p>\n<p style=\"text-align: center;\"><strong>Screening &amp; Q&amp;A with director Chelo Alvarez-Stehle<\/strong><\/p>\n<p>[\/vc_column_text][\/vc_column][\/vc_row][vc_row][vc_column][vc_separator][\/vc_column][\/vc_row][vc_row][vc_column][vc_column_text css=\u00bb.vc_custom_1514923861757{padding-top: 20px !important;padding-bottom: 30px !important;background-color: #efefef !important;}\u00bb]<\/p>\n<p>&nbsp;<\/p>\n<h2 style=\"text-align: center;\"><a href=\"https:\/\/www.sandsofsilence.org\/wp-content\/uploads\/2019\/10\/Screenshot-2019-10-25-17.34.28.png\"><img loading=\"lazy\" decoding=\"async\" class=\"alignnone size-full wp-image-33112\" src=\"https:\/\/www.sandsofsilence.org\/wp-content\/uploads\/2019\/10\/Screenshot-2019-10-25-17.34.28.png\" alt=\"\" width=\"272\" height=\"70\" \/><\/a><\/h2>\n<h2 style=\"text-align: center;\"><a href=\"https:\/\/www.sandsofsilence.org\/wp-content\/uploads\/2019\/10\/Screenshot-2019-10-25-17.41.12.png\"><img loading=\"lazy\" decoding=\"async\" class=\"alignnone size-full wp-image-33114\" src=\"https:\/\/www.sandsofsilence.org\/wp-content\/uploads\/2019\/10\/Screenshot-2019-10-25-17.41.12.png\" alt=\"\" width=\"538\" height=\"198\" srcset=\"https:\/\/www.sandsofsilence.org\/wp-content\/uploads\/2019\/10\/Screenshot-2019-10-25-17.41.12.png 538w, https:\/\/www.sandsofsilence.org\/wp-content\/uploads\/2019\/10\/Screenshot-2019-10-25-17.41.12-300x110.png 300w\" sizes=\"auto, (max-width: 538px) 100vw, 538px\" \/><\/a><\/h2>\n<h2 style=\"text-align: center;\">25 de NOVIEMBRE<\/h2>\n<h2 style=\"text-align: center;\">16 H<\/h2>\n<h2 style=\"text-align: center;\">D\u00eda Internacional por la Eliminaci\u00f3n de la Violencia contra la Mujer<\/h2>\n<p style=\"text-align: center;\"><strong>Proyecci\u00f3n y debate con la directora<\/strong><\/p>\n<p style=\"text-align: center;\"><strong>Chelo Alvarez-Stehle<\/strong><\/p>\n<h2 style=\"text-align: center;\"><strong>Barcelona, Espa\u00f1a<\/strong><\/h2>\n<p style=\"text-align: center;\"><strong>CC.OO.<\/strong><\/p>\n<p style=\"text-align: center;\">Via Laietana 16, 08003 Barcelona<\/p>\n<p style=\"text-align: center;\"><a href=\"https:\/\/www.sandsofsilence.org\/wp-content\/uploads\/2019\/11\/Sands-of-Silence-CCOO-25-Nov-2019-1-1-scaled.jpg\"><img loading=\"lazy\" decoding=\"async\" class=\"alignnone size-large wp-image-33158\" src=\"https:\/\/www.sandsofsilence.org\/wp-content\/uploads\/2019\/11\/Sands-of-Silence-CCOO-25-Nov-2019-1-1-683x1024.jpg\" alt=\"\" width=\"640\" height=\"960\" srcset=\"https:\/\/www.sandsofsilence.org\/wp-content\/uploads\/2019\/11\/Sands-of-Silence-CCOO-25-Nov-2019-1-1-683x1024.jpg 683w, https:\/\/www.sandsofsilence.org\/wp-content\/uploads\/2019\/11\/Sands-of-Silence-CCOO-25-Nov-2019-1-1-200x300.jpg 200w, https:\/\/www.sandsofsilence.org\/wp-content\/uploads\/2019\/11\/Sands-of-Silence-CCOO-25-Nov-2019-1-1-768x1152.jpg 768w, https:\/\/www.sandsofsilence.org\/wp-content\/uploads\/2019\/11\/Sands-of-Silence-CCOO-25-Nov-2019-1-1-1024x1536.jpg 1024w, https:\/\/www.sandsofsilence.org\/wp-content\/uploads\/2019\/11\/Sands-of-Silence-CCOO-25-Nov-2019-1-1-1365x2048.jpg 1365w, https:\/\/www.sandsofsilence.org\/wp-content\/uploads\/2019\/11\/Sands-of-Silence-CCOO-25-Nov-2019-1-1-600x900.jpg 600w, https:\/\/www.sandsofsilence.org\/wp-content\/uploads\/2019\/11\/Sands-of-Silence-CCOO-25-Nov-2019-1-1-scaled.jpg 1707w\" sizes=\"auto, (max-width: 640px) 100vw, 640px\" \/><\/a><\/p>\n<p>[\/vc_column_text][\/vc_column][\/vc_row][vc_row][vc_column][vc_separator][\/vc_column][\/vc_row][vc_row][vc_column][vc_column_text css=\u00bb.vc_custom_1514923861757{padding-top: 20px !important;padding-bottom: 30px !important;background-color: #efefef !important;}\u00bb]<\/p>\n<p style=\"text-align: center;\"><strong><a href=\"https:\/\/www.sandsofsilence.org\/wp-content\/uploads\/2019\/08\/Ayuntamiento-de-CASTRILLON.png\"><img loading=\"lazy\" decoding=\"async\" class=\"alignnone size-large wp-image-32934\" src=\"https:\/\/www.sandsofsilence.org\/wp-content\/uploads\/2019\/08\/Ayuntamiento-de-CASTRILLON-1024x207.png\" alt=\"\" width=\"640\" height=\"129\" srcset=\"https:\/\/www.sandsofsilence.org\/wp-content\/uploads\/2019\/08\/Ayuntamiento-de-CASTRILLON-1024x207.png 1024w, https:\/\/www.sandsofsilence.org\/wp-content\/uploads\/2019\/08\/Ayuntamiento-de-CASTRILLON-300x61.png 300w, https:\/\/www.sandsofsilence.org\/wp-content\/uploads\/2019\/08\/Ayuntamiento-de-CASTRILLON-768x155.png 768w, https:\/\/www.sandsofsilence.org\/wp-content\/uploads\/2019\/08\/Ayuntamiento-de-CASTRILLON-600x121.png 600w, https:\/\/www.sandsofsilence.org\/wp-content\/uploads\/2019\/08\/Ayuntamiento-de-CASTRILLON.png 1158w\" sizes=\"auto, (max-width: 640px) 100vw, 640px\" \/><\/a><\/strong><\/p>\n<h2 style=\"text-align: center;\"><\/h2>\n<h2 style=\"text-align: center;\"><strong>Piedrasblancas, Asturias, Espa\u00f1a<\/strong><\/h2>\n<p style=\"text-align: center;\"><strong>25 de septiembre de 2019<\/strong><\/p>\n<p style=\"text-align: center;\"><strong>19:30 H<\/strong><\/p>\n<p style=\"text-align: center;\"><strong>Proyecci\u00f3n y coloquio con la directora <\/strong><\/p>\n<p style=\"text-align: center;\"><strong>Chelo Alvarez-Stehle<\/strong><\/p>\n<p style=\"text-align: center;\"><a href=\"https:\/\/www.valeycentrocultural.org\/\"><strong>Valey Centro Cultural de Castrill\u00f3n<\/strong><\/a><\/p>\n<p style=\"text-align: center;\">Plaza de Europa 3 &#8211; \u00a033450 <strong>PIEDRASBLANCAS<\/strong><\/p>\n<p style=\"text-align: center;\"><strong>Asturias<\/strong><\/p>\n<p style=\"text-align: center;\">\n<p>[\/vc_column_text][\/vc_column][\/vc_row][vc_row][vc_column][vc_separator][\/vc_column][\/vc_row][vc_row][vc_column][vc_column_text css=\u00bb.vc_custom_1514923861757{padding-top: 20px !important;padding-bottom: 30px !important;background-color: #efefef !important;}\u00bb]<\/p>\n<p>&nbsp;<\/p>\n<p><a href=\"https:\/\/www.navarrafestival.com\/seleccion-oficial\"><img loading=\"lazy\" decoding=\"async\" class=\"size-full wp-image-32932 aligncenter\" src=\"https:\/\/www.sandsofsilence.org\/wp-content\/uploads\/2019\/08\/NIFF-logo.png\" alt=\"\" width=\"630\" height=\"140\" srcset=\"https:\/\/www.sandsofsilence.org\/wp-content\/uploads\/2019\/08\/NIFF-logo.png 630w, https:\/\/www.sandsofsilence.org\/wp-content\/uploads\/2019\/08\/NIFF-logo-300x67.png 300w, https:\/\/www.sandsofsilence.org\/wp-content\/uploads\/2019\/08\/NIFF-logo-600x133.png 600w\" sizes=\"auto, (max-width: 630px) 100vw, 630px\" \/><\/a><\/p>\n<h2 style=\"text-align: center;\"><a href=\"https:\/\/www.navarrafestival.com\/seleccion-oficial\"><strong>SELECCI\u00d3N OFICIAL<\/strong><\/a><\/h2>\n<p style=\"text-align: center;\"><strong>S\u00e1bado, 31 de agosto de 2019, 17 H<\/strong><\/p>\n<h2 style=\"text-align: center;\"><strong>PAMPLONA, Espa\u00f1a<\/strong><\/h2>\n<p style=\"text-align: center;\"><strong>Proyecci\u00f3n y coloquio con la directora <\/strong><\/p>\n<p style=\"text-align: center;\"><strong>Chelo Alvarez-Stehle<\/strong><\/p>\n<p style=\"text-align: center;\"><strong>y algunos de los personajes de la pel\u00edcula documental<\/strong><\/p>\n<p>&nbsp;<\/p>\n<p style=\"text-align: center;\"><strong>**Detalles pr\u00f3ximamente**<\/strong><\/p>\n<p>&nbsp;<\/p>\n<p>[\/vc_column_text][\/vc_column][\/vc_row][vc_row][vc_column][vc_separator][\/vc_column][\/vc_row][vc_row][vc_column][vc_column_text css=\u00bb.vc_custom_1514923861757{padding-top: 20px !important;padding-bottom: 30px !important;background-color: #efefef !important;}\u00bb]<\/p>\n<h3 style=\"text-align: center;\">2018<\/h3>\n<h3 style=\"text-align: center;\">PROYECCIONES<\/h3>\n<p>[\/vc_column_text][\/vc_column][\/vc_row][vc_row][vc_column][vc_separator][\/vc_column][\/vc_row][vc_row][vc_column][vc_column_text css=\u00bb.vc_custom_1514923861757{padding-top: 20px !important;padding-bottom: 30px !important;background-color: #efefef !important;}\u00bb]<\/p>\n<p><img loading=\"lazy\" decoding=\"async\" class=\"aligncenter wp-image-31928\" src=\"https:\/\/www.sandsofsilence.org\/wp-content\/uploads\/2018\/05\/Porto-Femme-Intl-Film-Festival.png?_t=1526692464\" alt=\"\" width=\"400\" height=\"569\" srcset=\"https:\/\/www.sandsofsilence.org\/wp-content\/uploads\/2018\/05\/Porto-Femme-Intl-Film-Festival.png 574w, https:\/\/www.sandsofsilence.org\/wp-content\/uploads\/2018\/05\/Porto-Femme-Intl-Film-Festival-211x300.png 211w\" sizes=\"auto, (max-width: 400px) 100vw, 400px\" \/>[\/vc_column_text][\/vc_column][vc_column width=\u00bb1\/2&#8243;][vc_column_text]<\/p>\n<h1 style=\"text-align: center;\">PORTO FEMME<\/h1>\n<h1 style=\"text-align: center;\">INTL. FILM FESTIVAL<\/h1>\n<h2 style=\"text-align: center;\">Porto, Portugal<\/h2>\n<h2 style=\"text-align: center;\"><strong>Saturday, June 2nd, 2018<\/strong><\/h2>\n<h3 style=\"text-align: center;\">14 h \u00a0Screening<\/h3>\n<h3 style=\"text-align: center;\">17:30 h Debate<\/h3>\n<h3 style=\"text-align: center;\">\u201cFights and Right of Women\u201d with Maria Jos\u00e9 Magalh\u00e3es of UMAR<\/h3>\n<p><a href=\"http:\/\/portofemme.com\/en\/cinema-trindade\/\"><img loading=\"lazy\" decoding=\"async\" class=\"aligncenter wp-image-31973\" src=\"https:\/\/www.sandsofsilence.org\/wp-content\/uploads\/2018\/05\/Screenshot-2018-05-25-09.41.14-685x1024.png\" alt=\"\" width=\"400\" height=\"598\" srcset=\"https:\/\/www.sandsofsilence.org\/wp-content\/uploads\/2018\/05\/Screenshot-2018-05-25-09.41.14-685x1024.png 685w, https:\/\/www.sandsofsilence.org\/wp-content\/uploads\/2018\/05\/Screenshot-2018-05-25-09.41.14-201x300.png 201w, https:\/\/www.sandsofsilence.org\/wp-content\/uploads\/2018\/05\/Screenshot-2018-05-25-09.41.14-768x1148.png 768w, https:\/\/www.sandsofsilence.org\/wp-content\/uploads\/2018\/05\/Screenshot-2018-05-25-09.41.14-600x897.png 600w, https:\/\/www.sandsofsilence.org\/wp-content\/uploads\/2018\/05\/Screenshot-2018-05-25-09.41.14.png 1042w\" sizes=\"auto, (max-width: 400px) 100vw, 400px\" \/><\/a><\/p>\n<p>&nbsp;<\/p>\n<h3 style=\"text-align: center;\"><\/h3>\n<p>[\/vc_column_text][\/vc_column][\/vc_row][vc_row][vc_column][vc_separator][\/vc_column][vc_column][\/vc_column][\/vc_row][vc_row][vc_column width=\u00bb1\/2&#8243;][vc_column_text css=\u00bb.vc_custom_1519439203133{padding-top: 20px !important;padding-bottom: 30px !important;background-color: #efefef !important;}\u00bb]<img loading=\"lazy\" decoding=\"async\" class=\"aligncenter wp-image-31711\" src=\"https:\/\/www.sandsofsilence.org\/wp-content\/uploads\/2018\/02\/Screenshot-2018-02-23-18.07.08-300x227.png\" alt=\"\" width=\"400\" height=\"303\" srcset=\"https:\/\/www.sandsofsilence.org\/wp-content\/uploads\/2018\/02\/Screenshot-2018-02-23-18.07.08-300x227.png 300w, https:\/\/www.sandsofsilence.org\/wp-content\/uploads\/2018\/02\/Screenshot-2018-02-23-18.07.08-768x581.png 768w, https:\/\/www.sandsofsilence.org\/wp-content\/uploads\/2018\/02\/Screenshot-2018-02-23-18.07.08-1024x775.png 1024w, https:\/\/www.sandsofsilence.org\/wp-content\/uploads\/2018\/02\/Screenshot-2018-02-23-18.07.08.png 1084w\" sizes=\"auto, (max-width: 400px) 100vw, 400px\" \/>[\/vc_column_text][\/vc_column][vc_column width=\u00bb1\/2&#8243;][vc_column_text]<\/p>\n<h3 style=\"text-align: center;\">Barcelona, Spain<\/h3>\n<h2 style=\"text-align: center;\"><strong>Martes, 13 de marzo de 2018<\/strong><\/h2>\n<h3 style=\"text-align: center;\"><strong>18 h<\/strong><\/h3>\n<p style=\"text-align: center;\"><strong>Con la directora Chelo Alvarez-Stehle<\/strong><\/p>\n<p>&nbsp;<\/p>\n<p style=\"text-align: center;\"><strong>SOLO por INVITACI\u00d3N<\/strong><\/p>\n<p style=\"text-align: center;\"><a href=\"mailto:info@sandsofsilence.org\"><strong>Solicita aqu\u00ed una invitaci\u00f3n<\/strong><\/a><\/p>\n<p style=\"text-align: center;\">Presentado por la<\/p>\n<h3 style=\"text-align: center;\">Unidad de Coordinaci\u00f3n contra la Violencia sobre la Mujer<\/h3>\n<p>[\/vc_column_text][\/vc_column][\/vc_row][vc_row][vc_column][vc_separator][\/vc_column][vc_column][\/vc_column][\/vc_row][vc_row][vc_column width=\u00bb1\/2&#8243;][vc_column_text css=\u00bb.vc_custom_1514922975032{padding-top: 20px !important;padding-bottom: 30px !important;background-color: #efefef !important;}\u00bb]<\/p>\n<h3 style=\"text-align: center;\">Paris, France<\/h3>\n<h2 style=\"text-align: center;\"><strong>Lundi, 19 Mars 2018<\/strong><\/h2>\n<h3 style=\"text-align: center;\"><strong>19:30 h<\/strong><\/h3>\n<h3 style=\"text-align: center;\">Cin\u00e9ma Luminor H\u00f4tel de Ville<\/h3>\n<p style=\"text-align: center;\"><a href=\"http:\/\/www.luminor-hoteldeville.com\/plan-d-acces\/\"><strong>20, rue du Temple,\u00a075004 PARIS<\/strong><\/a><\/p>\n<p style=\"text-align: center;\"><strong>Avec la r\u00e9alisatrice Chelo Alvarez-Stehle<\/strong><\/p>\n<p style=\"text-align: center;\">Avant-premi\u00e8re present\u00e9e par le<\/p>\n<h3 style=\"text-align: center;\">Centre Audiovisuel Simone de Beauvoir<\/h3>\n<p>[\/vc_column_text][\/vc_column][vc_column width=\u00bb1\/2&#8243;][vc_column_text]<img loading=\"lazy\" decoding=\"async\" class=\"aligncenter wp-image-31793\" src=\"https:\/\/www.sandsofsilence.org\/wp-content\/uploads\/2018\/02\/tour-eiffel-300x147.jpg\" alt=\"\" width=\"400\" height=\"196\" srcset=\"https:\/\/www.sandsofsilence.org\/wp-content\/uploads\/2018\/02\/tour-eiffel-300x147.jpg 300w, https:\/\/www.sandsofsilence.org\/wp-content\/uploads\/2018\/02\/tour-eiffel-768x377.jpg 768w, https:\/\/www.sandsofsilence.org\/wp-content\/uploads\/2018\/02\/tour-eiffel-1024x503.jpg 1024w, https:\/\/www.sandsofsilence.org\/wp-content\/uploads\/2018\/02\/tour-eiffel.jpg 1366w\" sizes=\"auto, (max-width: 400px) 100vw, 400px\" \/><img loading=\"lazy\" decoding=\"async\" class=\"aligncenter wp-image-31551 size-medium\" src=\"https:\/\/www.sandsofsilence.org\/wp-content\/uploads\/2018\/01\/Centre-Audiovisuel-Simone-de-Beauvoir-logo-300x146.jpg?_t=1519441123\" alt=\"Centre Audiovisuel Simone de Beauvoir logo\" width=\"300\" height=\"146\" srcset=\"https:\/\/www.sandsofsilence.org\/wp-content\/uploads\/2018\/01\/Centre-Audiovisuel-Simone-de-Beauvoir-logo-300x146.jpg 300w, https:\/\/www.sandsofsilence.org\/wp-content\/uploads\/2018\/01\/Centre-Audiovisuel-Simone-de-Beauvoir-logo.jpg 720w\" sizes=\"auto, (max-width: 300px) 100vw, 300px\" \/>[\/vc_column_text][\/vc_column][\/vc_row][vc_section css=\u00bb.vc_custom_1505918816774{padding-top: 0px !important;padding-bottom: 0px !important;}\u00bb][vc_row][vc_column width=\u00bb1\/2&#8243;][vc_column_text css=\u00bb.vc_custom_1515716094350{padding-top: 20px !important;padding-bottom: 30px !important;background-color: #efefef !important;}\u00bb]<\/p>\n<h3 style=\"text-align: center;\">Giessen, Germany<\/h3>\n<h2 style=\"text-align: center;\"><strong>Wednesday, January 31st, 2018<\/strong><\/h2>\n<h3 style=\"text-align: center;\">18 h<\/h3>\n<p style=\"text-align: center;\"><b>Kinocenter<\/b><\/p>\n<p style=\"text-align: center;\"><a href=\"https:\/\/www.google.com\/maps\/place\/Kinocenter+Gie%C3%9Fen\/@50.5846799,8.6685361,17z\/data=!3m1!4b1!4m5!3m4!1s0x47bc58e830fe0031:0xd83697cf1fedf33d!8m2!3d50.5846799!4d8.6707248\"><strong>Bahnhofstra\u00dfe 34, 35390 Gie\u00dfen<\/strong><\/a><\/p>\n<p>&nbsp;<\/p>\n<h3 style=\"text-align: center;\"><a href=\"http:\/\/www.globalemittelhessen.de\/film\/sands-silence\">Globale Mittelhessen Film Festival<\/a><\/h3>\n<h3 style=\"text-align: center;\">OFFICIAL SELECTION<\/h3>\n<p>[\/vc_column_text][vc_column_text]<img loading=\"lazy\" decoding=\"async\" class=\"aligncenter size-medium wp-image-31547\" src=\"https:\/\/www.sandsofsilence.org\/wp-content\/uploads\/2018\/01\/Globale-Mittelhessen-Film-Festival-Logo-300x170.png\" alt=\"Globale Mittelhessen Film Festival\" width=\"300\" height=\"170\" srcset=\"https:\/\/www.sandsofsilence.org\/wp-content\/uploads\/2018\/01\/Globale-Mittelhessen-Film-Festival-Logo-300x170.png 300w, https:\/\/www.sandsofsilence.org\/wp-content\/uploads\/2018\/01\/Globale-Mittelhessen-Film-Festival-Logo-768x436.png 768w, https:\/\/www.sandsofsilence.org\/wp-content\/uploads\/2018\/01\/Globale-Mittelhessen-Film-Festival-Logo.png 790w\" sizes=\"auto, (max-width: 300px) 100vw, 300px\" \/>[\/vc_column_text][\/vc_column][vc_column width=\u00bb1\/2&#8243;][vc_column_text]<img loading=\"lazy\" decoding=\"async\" class=\"aligncenter wp-image-31602 size-full\" src=\"https:\/\/www.sandsofsilence.org\/wp-content\/uploads\/2018\/01\/Screenshot-2018-01-11-15.47.31.png?_t=1515717706\" alt=\"Sands of Silence at Globale Mittelhessen\" width=\"726\" height=\"760\" srcset=\"https:\/\/www.sandsofsilence.org\/wp-content\/uploads\/2018\/01\/Screenshot-2018-01-11-15.47.31.png 726w, https:\/\/www.sandsofsilence.org\/wp-content\/uploads\/2018\/01\/Screenshot-2018-01-11-15.47.31-287x300.png 287w\" sizes=\"auto, (max-width: 726px) 100vw, 726px\" \/><img loading=\"lazy\" decoding=\"async\" class=\"aligncenter size-medium wp-image-31604\" src=\"https:\/\/www.sandsofsilence.org\/wp-content\/uploads\/2018\/01\/Screenshot-2018-01-11-15.47.14-300x168.png\" alt=\"\" width=\"300\" height=\"168\" srcset=\"https:\/\/www.sandsofsilence.org\/wp-content\/uploads\/2018\/01\/Screenshot-2018-01-11-15.47.14-300x168.png 300w, https:\/\/www.sandsofsilence.org\/wp-content\/uploads\/2018\/01\/Screenshot-2018-01-11-15.47.14-768x431.png 768w, https:\/\/www.sandsofsilence.org\/wp-content\/uploads\/2018\/01\/Screenshot-2018-01-11-15.47.14-1024x574.png 1024w, https:\/\/www.sandsofsilence.org\/wp-content\/uploads\/2018\/01\/Screenshot-2018-01-11-15.47.14.png 1476w\" sizes=\"auto, (max-width: 300px) 100vw, 300px\" \/>[\/vc_column_text][\/vc_column][\/vc_row][vc_row][vc_column][vc_column_text css=\u00bb.vc_custom_1513889616622{padding-top: 20px !important;padding-bottom: 30px !important;background-color: #efefef !important;}\u00bb]<\/p>\n<h3 style=\"text-align: center;\">2017<\/h3>\n<h4 style=\"text-align: center;\"><\/h4>\n<h3 style=\"text-align: center;\">SCREENINGS &#8211; PROYECCIONES<\/h3>\n<p>[\/vc_column_text][\/vc_column][\/vc_row][vc_row][vc_column width=\u00bb1\/2&#8243;][vc_column_text css=\u00bb.vc_custom_1514922540812{padding-top: 20px !important;padding-bottom: 30px !important;background-color: #efefef !important;}\u00bb]<\/p>\n<h3 style=\"text-align: center;\">Alicante, Espa\u00f1a<\/h3>\n<p style=\"text-align: center;\"><strong>Martes 28 de noviembre, 2017, 19 h<\/strong><\/p>\n<p style=\"text-align: center;\">Centro Cultural Las Cigarreras, en espacio Casa de la M\u00fasica<br \/>\nProyecci\u00f3n y coloquio con la directora<\/p>\n<p style=\"text-align: center;\">Ayuntamiento de Alicante, \u00c1rea de Igualdad<\/p>\n<p>[\/vc_column_text][\/vc_column][vc_column width=\u00bb1\/2&#8243;][vc_column_text css=\u00bb.vc_custom_1514922509320{padding-top: 20px !important;padding-bottom: 30px !important;background-color: #efefef !important;}\u00bb]<\/p>\n<h3 style=\"text-align: center;\">Elche, Espa\u00f1a<\/h3>\n<p style=\"text-align: center;\"><strong>Viernes 24 de noviembre, 2017, 11 h<\/strong><\/p>\n<p style=\"text-align: center;\">Proyecci\u00f3n y coloquio con la directora<\/p>\n<p style=\"text-align: center;\">Seminario de Periodismo, Derechos Humanos, Migraci\u00f3n y Fronteras<\/p>\n<p style=\"text-align: center;\">Universidad Miguel Hern\u00e1ndez<\/p>\n<p>[\/vc_column_text][\/vc_column][\/vc_row][vc_row][vc_column width=\u00bb1\/2&#8243;][vc_column_text css=\u00bb.vc_custom_1510397103629{padding-top: 20px !important;padding-bottom: 30px !important;background-color: #efefef !important;}\u00bb]<\/p>\n<h3 style=\"text-align: center;\">Arteixo, A Coru\u00f1a, Espa\u00f1a<\/h3>\n<p style=\"text-align: center;\"><strong>Martes 14 de noviembre, 2017, 18 h<\/strong><br \/>\nProyecci\u00f3n y coloquio con la directora<\/p>\n<h5 style=\"text-align: center;\"><strong>Auditorio do Centro C\u00edvico Cultural de Arteixo<\/strong><\/h5>\n<h5 style=\"text-align: center;\"><strong>Ayuntamiento de Arteixo &#8211; Centro de Informaci\u00f3n de la Mujer<\/strong><\/h5>\n<h5 style=\"text-align: center;\"><strong>Subdelegaci\u00f3n del Gobierno &#8211; Unidad contra\u00a0la Violencia sobre\u00a0la Mujer<\/strong><\/h5>\n<p>[\/vc_column_text][\/vc_column][vc_column width=\u00bb1\/2&#8243;][vc_column_text css=\u00bb.vc_custom_1512161653600{padding-top: 20px !important;padding-bottom: 30px !important;background-color: #efefef !important;}\u00bb]<\/p>\n<h3 style=\"text-align: center;\">A Coru\u00f1a, Espa\u00f1a<\/h3>\n<p style=\"text-align: center;\"><strong>Martes 14 de noviembre, 2017, 11 h<\/strong><br \/>\nProyecci\u00f3n y coloquio con la directora<\/p>\n<h5 style=\"text-align: center;\">Centro de Inserci\u00f3n Social\u00a0\u00abCarmela Arias y D\u00edaz de R\u00e1bago\u00bb<\/h5>\n<h5 style=\"text-align: center;\">Subdelegaci\u00f3n del Gobierno &#8211; Unidad contra\u00a0la Violencia sobre\u00a0la Mujer<\/h5>\n<h5 style=\"text-align: center;\"><\/h5>\n<p>[\/vc_column_text][\/vc_column][\/vc_row][vc_row][vc_column width=\u00bb1\/2&#8243;][vc_column_text css=\u00bb.vc_custom_1510396884773{padding-top: 20px !important;padding-bottom: 30px !important;background-color: #efefef !important;}\u00bb]<\/p>\n<h3 style=\"text-align: center;\">Guadalajara, Espa\u00f1a<\/h3>\n<p style=\"text-align: center;\"><strong>Lunes 30 de octubre, 2017<\/strong><\/p>\n<p style=\"text-align: center;\">Proyecci\u00f3n y coloquio con la directora<\/p>\n<p style=\"text-align: center;\">AIETI (Asociaci\u00f3n de Investigaci\u00f3n y Especializaci\u00f3n en Temas Iberoamericanos) \u00a0 Instituto de la Mujer<\/p>\n<p>[\/vc_column_text][\/vc_column][vc_column width=\u00bb1\/2&#8243;][vc_column_text css=\u00bb.vc_custom_1510396910402{padding-top: 20px !important;padding-bottom: 30px !important;background-color: #efefef !important;}\u00bb]<\/p>\n<h3 style=\"text-align: center;\">La Palma, Canarias<\/h3>\n<p style=\"text-align: center;\"><strong>Viernes 28 de octubre, 2017<br \/>\n<\/strong>Museo Arqueol\u00f3gico Benhaorita<br \/>\nProyecci\u00f3n y coloquio con la directora<\/p>\n<p style=\"text-align: center;\">Instituto Canario de Igualdad \u00a0&#8211; Cabildo de La Palma, \u00c1rea de Igualdad<\/p>\n<p>[\/vc_column_text][\/vc_column][\/vc_row][vc_row][vc_column][vc_column_text css=\u00bb.vc_custom_1514058003577{padding-top: 20px !important;padding-bottom: 30px !important;background-color: #efefef !important;}\u00bb]<\/p>\n<h3 style=\"text-align: center;\">El Pont de Suert, Pirineo de Lleida<\/h3>\n<p style=\"text-align: center;\"><strong>S\u00e1bado 11 de noviembre, 2017, 18 h<\/strong><\/p>\n<p style=\"text-align: center;\">Cinema Ribagorzana<br \/>\nProyecci\u00f3n y coloquio con la directora<\/p>\n<h4 style=\"text-align: center;\">Concell de l&#8217;Alta Ribagorza<\/h4>\n<p>[\/vc_column_text][\/vc_column][\/vc_row][vc_row][vc_column width=\u00bb1\/2&#8243;][vc_column_text css=\u00bb.vc_custom_1510396944677{padding-top: 20px !important;padding-bottom: 30px !important;background-color: #efefef !important;}\u00bb]<\/p>\n<h3 style=\"text-align: center;\">Laudio-Llodio, Espa\u00f1a<\/h3>\n<p style=\"text-align: center;\"><strong>8 de noviembre, 2017, 18:30 h<\/strong><\/p>\n<p style=\"text-align: center;\">Proyecci\u00f3n y coloquio con la directora<\/p>\n<p style=\"text-align: center;\">Ayuntamiento de Llodio &#8211; \u00c1rea de Igualdad<\/p>\n<p>[\/vc_column_text][\/vc_column][vc_column width=\u00bb1\/2&#8243;][vc_column_text css=\u00bb.vc_custom_1510396972205{padding-top: 20px !important;padding-bottom: 30px !important;background-color: #efefef !important;}\u00bb]<\/p>\n<h3 style=\"text-align: center;\">Donosti, Espa\u00f1a<\/h3>\n<p style=\"text-align: center;\"><strong>Lunes 6 de noviembre, 2017, 16:30 h<\/strong><\/p>\n<p>Proyecci\u00f3n y coloquio con la directora<\/p>\n<p style=\"text-align: center;\">Colegio de Abogados de Guip\u00fazcoa<\/p>\n<p>[\/vc_column_text][\/vc_column][\/vc_row][vc_section css=\u00bb.vc_custom_1505916125210{padding-top: 60px !important;padding-bottom: 0px !important;}\u00bb][\/vc_section][vc_row][\/vc_row][vc_column][\/vc_column][vc_column_text][\/vc_column_text][\/vc_section][vc_column][\/vc_column][vc_column_text][\/vc_column_text][vc_row][vc_column][vc_column_text][\/vc_section][\/vc_column_text][\/vc_column][\/vc_row][vc_row][\/vc_row][vc_row][\/vc_row][vc_row][vc_column][vc_column_text][\/vc_section][\/vc_column_text][\/vc_column][\/vc_row][vc_row][vc_column][vc_column_text][\/vc_section][\/vc_column_text][\/vc_column][\/vc_row][vc_row][\/vc_row][vc_row][\/vc_row][vc_row][vc_column][vc_column_text][\/vc_section][\/vc_column_text][\/vc_column][\/vc_row][vc_row][\/vc_row][vc_row][vc_column][vc_column_text][\/vc_section][\/vc_column_text][\/vc_column][\/vc_row][vc_row][vc_column][vc_column_text][\/vc_section][\/vc_column_text][\/vc_column][\/vc_row][vc_row][vc_column][vc_separator][\/vc_column][\/vc_row][vc_row][vc_column][vc_separator][\/vc_column][\/vc_row][vc_row][vc_column][vc_separator][\/vc_column][\/vc_row][vc_row][vc_column][vc_separator][\/vc_column][\/vc_row][vc_row][\/vc_row][vc_row][vc_column width=\u00bb1\/2&#8243;][vc_column_text css=\u00bb.vc_custom_1510396780058{padding-top: 20px !important;padding-bottom: 30px !important;background-color: #efefef !important;}\u00bb]<\/p>\n<h3 style=\"text-align: center;\">Las Palmas, Canarias<\/h3>\n<p style=\"text-align: center;\"><strong>25 de octubre, 2017, 19 h<\/strong><br \/>\nClub N\u00e1utico<br \/>\nProyecci\u00f3n y coloquio con la directora<\/p>\n<p style=\"text-align: center;\">Instituto Canario de Igualdad &#8211; Charter 100 GC<\/p>\n<p>[\/vc_column_text][\/vc_column][vc_column width=\u00bb1\/2&#8243;][vc_column_text css=\u00bb.vc_custom_1510396805651{padding-top: 20px !important;padding-bottom: 30px !important;background-color: #efefef !important;}\u00bb]<\/p>\n<h3 style=\"text-align: center;\">Muestra de Cine Realizado por Mujeres de Zaragoza<\/h3>\n<p style=\"text-align: center;\"><strong>21 de octubre, 2017<\/strong><\/p>\n<p style=\"text-align: center;\">Proyecci\u00f3n y coloquio con la directora<\/p>\n<h4 style=\"text-align: center;\">OFFICIAL SELECTION<\/h4>\n<p>[\/vc_column_text][\/vc_column][\/vc_row][vc_row][vc_column][vc_column_text css=\u00bb.vc_custom_1514058302025{padding-top: 20px !important;padding-bottom: 30px !important;background-color: #efefef !important;}\u00bb]<\/p>\n<h3 style=\"text-align: center;\">Muestra de Cine Realizado por Mujeres de Zaragoza<\/h3>\n<p style=\"text-align: center;\"><strong>21 de octubre, 2017<\/strong><\/p>\n<p style=\"text-align: center;\">Proyecci\u00f3n y coloquio con la directora<\/p>\n<h4 style=\"text-align: center;\">OFFICIAL SELECTION<\/h4>\n<p>[\/vc_column_text][\/vc_column][\/vc_row][vc_row][vc_column][vc_column_text][\/vc_section][\/vc_column_text][\/vc_column][\/vc_row][vc_section css=\u00bb.vc_custom_1505918816774{padding-top: 0px !important;padding-bottom: 0px !important;}\u00bb][vc_row][vc_column width=\u00bb1\/2&#8243;][vc_column_text css=\u00bb.vc_custom_1505920702914{padding-top: 20px !important;padding-bottom: 30px !important;background-color: #efefef !important;}\u00bb]<\/p>\n<h3 style=\"text-align: center;\">Logro\u00f1o, Espa\u00f1a<\/h3>\n<p style=\"text-align: center;\"><strong>Martes 10 de octubre, 2017<br \/>\n19 h<\/strong><br \/>\nUniversidad de La Rioja<br \/>\nDelegaci\u00f3n del Gobierno, \u00c1rea de Igualdad<br \/>\nProyecci\u00f3n y coloquio con la directora<\/p>\n<p>[\/vc_column_text][\/vc_column][vc_column width=\u00bb1\/2&#8243;][vc_column_text css=\u00bb.vc_custom_1505920838560{padding-top: 20px !important;padding-bottom: 30px !important;background-color: #efefef !important;}\u00bb]<\/p>\n<h3 style=\"text-align: center;\">Zarautz, Pa\u00eds Vasco<\/h3>\n<p style=\"text-align: center;\"><strong><br \/>\nDomingo 8 de octubre, 2017<br \/>\n19 h<\/strong><br \/>\nCine Modelo<br \/>\nAyuntamiento de Zarautz<br \/>\nProyecci\u00f3n y coloquio con la directora<\/p>\n<p>[\/vc_column_text][\/vc_column][\/vc_row][vc_row][vc_column width=\u00bb1\/2&#8243;][vc_column_text css=\u00bb.vc_custom_1505920898383{padding-top: 20px !important;padding-bottom: 30px !important;background-color: #efefef !important;}\u00bb]<\/p>\n<h3 style=\"text-align: center;\">Pamplona, Espa\u00f1a<\/h3>\n<p style=\"text-align: center;\"><strong>Martes 26 de septiembre, 2017<br \/>\n18 hr<\/strong><br \/>\nFilmoteca de Navarra<br \/>\nSubdelegaci\u00f3n del Gobierno, \u00c1rea de Igualdad<br \/>\nProyecci\u00f3n y coloquio con la directora<\/p>\n<p>[\/vc_column_text][\/vc_column][vc_column width=\u00bb1\/2&#8243;][vc_column_text css=\u00bb.vc_custom_1505920955399{padding-top: 20px !important;padding-bottom: 30px !important;background-color: #efefef !important;}\u00bb]<\/p>\n<h3 style=\"text-align: center;\">Lanzarote, Canarias<\/h3>\n<p style=\"text-align: center;\"><strong>Lunes 3 de octubre, 2017<br \/>\n18:30 h<\/strong><br \/>\nSala El Almac\u00e9n<br \/>\nCabildo de Lanzarote<br \/>\nProyecci\u00f3n y coloquio con la directora<\/p>\n<p>[\/vc_column_text][\/vc_column][\/vc_row][vc_row][vc_column width=\u00bb1\/2&#8243;][vc_column_text css=\u00bb.vc_custom_1505921098956{padding-top: 20px !important;padding-bottom: 30px !important;background-color: #efefef !important;}\u00bb]<\/p>\n<h3 style=\"text-align: center;\">Las Palmas, Canarias<\/h3>\n<p style=\"text-align: center;\"><strong>Martes 3 de octubre, 2017<\/strong><br \/>\nSemana de Cine, Solidaridad y Derechos Humanos<br \/>\nMulticines Monopol<br \/>\nAyuntamiento de Las Palmas<br \/>\nProyecci\u00f3n [coloquio con la directora por confirmar]<\/p>\n<p>[\/vc_column_text][\/vc_column][vc_column width=\u00bb1\/2&#8243;][vc_column_text css=\u00bb.vc_custom_1505921178361{padding-top: 20px !important;padding-bottom: 30px !important;background-color: #efefef !important;}\u00bb]<\/p>\n<h3 style=\"text-align: center;\">Madrid, Espa\u00f1a<\/h3>\n<p style=\"text-align: center;\"><strong>22 de septiembre, 2017<br \/>\n11 hr<\/strong><br \/>\nDelegaci\u00f3n para la Violencia de G\u00e9nero<br \/>\nProyecci\u00f3n y Coloquio<br \/>\ncon la directora Chelo Alvarez-Stehle<\/p>\n<p>[\/vc_column_text][\/vc_column][\/vc_row][vc_row][vc_column width=\u00bb1\/2&#8243;][vc_column_text css=\u00bb.vc_custom_1505921434668{padding-top: 20px !important;padding-bottom: 30px !important;background-color: #efefef !important;}\u00bb]<\/p>\n<h3 style=\"text-align: center;\">Madrid, Espa\u00f1a<\/h3>\n<p style=\"text-align: center;\"><strong>20 de septiembre, 2017<br \/>\n18 hr<\/strong><br \/>\nUniversidad Complutense<br \/>\nFacultad de Ciencias Pol\u00edticas y Sociolog\u00eda<br \/>\nProyecci\u00f3n y Coloquio<br \/>\ncon la directora Chelo Alvarez-Stehle<\/p>\n<p>[\/vc_column_text][\/vc_column][vc_column width=\u00bb1\/2&#8243;][vc_column_text css=\u00bb.vc_custom_1512161582304{padding-top: 20px !important;padding-bottom: 30px !important;background-color: #efefef !important;}\u00bb]<\/p>\n<h3 style=\"text-align: center;\">Madrid, Espa\u00f1a<\/h3>\n<p style=\"text-align: center;\"><strong>22 de septiembre, 2017<br \/>\n11 hr<\/strong><br \/>\nDelegaci\u00f3n para la Violencia de G\u00e9nero<br \/>\nProyecci\u00f3n y Coloquio<br \/>\ncon la directora Chelo Alvarez-Stehle<\/p>\n<p>[\/vc_column_text][\/vc_column][\/vc_row][vc_row][vc_column width=\u00bb1\/2&#8243;][vc_column_text css=\u00bb.vc_custom_1505922728658{padding-top: 20px !important;padding-bottom: 30px !important;background-color: #efefef !important;}\u00bb]<\/p>\n<h3 style=\"text-align: center;\">ELLES TOURNENT &#8211; DAMES DRAIEN<\/h3>\n<h3 style=\"text-align: center;\">BRUSSELS Intl. Women Film Festival<\/h3>\n<p style=\"text-align: center;\"><strong>January 26, 2017<\/strong><\/p>\n<h4 style=\"text-align: center;\">OFFICIAL SELECTION<\/h4>\n<p>[\/vc_column_text][\/vc_column][vc_column width=\u00bb1\/2&#8243;][vc_column_text css=\u00bb.vc_custom_1514058464179{padding-top: 20px !important;padding-bottom: 30px !important;background-color: #efefef !important;}\u00bb]<\/p>\n<h3 style=\"text-align: center;\">ELLAS CREAN \u2014\u00a0Women Film Festival<\/h3>\n<h3 style=\"text-align: center;\">Madrid, Spain<\/h3>\n<p style=\"text-align: center;\"><strong>4 de marzo, 2017<\/strong><\/p>\n<h4 style=\"text-align: center;\">OFFICIAL SELECTION<\/h4>\n<p>[\/vc_column_text][\/vc_column][\/vc_row][vc_row][vc_column width=\u00bb1\/2&#8243;][vc_column_text css=\u00bb.vc_custom_1514058034795{padding-top: 20px !important;padding-bottom: 30px !important;background-color: #efefef !important;}\u00bb]<\/p>\n<h3 style=\"text-align: center;\">ELLES TOURNENT &#8211; DAMES DRAIEN<\/h3>\n<h3 style=\"text-align: center;\">BRUSSELS Intl. Women Film Festival<\/h3>\n<p style=\"text-align: center;\"><strong>January 26, 2017<\/strong><\/p>\n<h4 style=\"text-align: center;\">OFFICIAL SELECTION<\/h4>\n<p>[\/vc_column_text][\/vc_column][vc_column width=\u00bb1\/2&#8243;][vc_column_text css=\u00bb.vc_custom_1514058043808{padding-top: 20px !important;padding-bottom: 30px !important;background-color: #efefef !important;}\u00bb]<\/p>\n<h3 style=\"text-align: center;\">FESTIVAL DE MALAGA. CINE ESPA\u00d1OL<\/h3>\n<h4 style=\"text-align: center;\">ASSERTING WOMEN&#8217;s RIGTHS<\/h4>\n<p style=\"text-align: center;\"><strong>M\u00e1laga, Espa\u00f1a<\/strong><\/p>\n<p style=\"text-align: center;\"><strong>April, 2016<\/strong><\/p>\n<h3 style=\"text-align: center;\">WINNER &#8211; First Prize &amp; Biznaga de Plata<\/h3>\n<p>[\/vc_column_text][\/vc_column][\/vc_row][vc_row][vc_column width=\u00bb1\/2&#8243;][vc_column_text css=\u00bb.vc_custom_1514058059249{padding-top: 20px !important;padding-bottom: 30px !important;background-color: #efefef !important;}\u00bb]<\/p>\n<h3 style=\"text-align: center;\">BARCELONA Human Rights Film Festival<\/h3>\n<p style=\"text-align: center;\"><strong>Barcelona, Spain<\/strong><\/p>\n<p style=\"text-align: center;\"><strong>November 30, 2017<\/strong><\/p>\n<h4 style=\"text-align: center;\">OFFICIAL SELECTION<\/h4>\n<p>[\/vc_column_text][\/vc_column][vc_column width=\u00bb1\/2&#8243;][vc_column_text css=\u00bb.vc_custom_1514058071810{padding-top: 20px !important;padding-bottom: 30px !important;background-color: #efefef !important;}\u00bb]<\/p>\n<h3 style=\"text-align: center;\">ACTUAL FESTIVAL<\/h3>\n<h3 style=\"text-align: center;\">Logro\u00f1o, Spain<\/h3>\n<p style=\"text-align: center;\"><strong>January 3, 2017<\/strong><\/p>\n<h4 style=\"text-align: center;\">OFFICIAL SELECTION<\/h4>\n<p>[\/vc_column_text][\/vc_column][\/vc_row][vc_row][vc_column width=\u00bb1\/2&#8243;][vc_column_text css=\u00bb.vc_custom_1514058085718{padding-top: 20px !important;padding-bottom: 30px !important;background-color: #efefef !important;}\u00bb]<\/p>\n<h3 style=\"text-align: center;\">MADRID Human Rights Film Festival<\/h3>\n<p style=\"text-align: center;\"><strong>Madrid, Spain<\/strong><\/p>\n<p style=\"text-align: center;\"><strong>December 15, 2017<\/strong><\/p>\n<h4 style=\"text-align: center;\">OFFICIAL SELECTION<\/h4>\n<p>[\/vc_column_text][\/vc_column][vc_column width=\u00bb1\/2&#8243;][vc_column_text css=\u00bb.vc_custom_1514058099269{padding-top: 20px !important;padding-bottom: 30px !important;background-color: #efefef !important;}\u00bb]<\/p>\n<h3 style=\"text-align: center;\">BARCELONA Human Rights Film Festival<\/h3>\n<p style=\"text-align: center;\"><strong>Barcelona, Spain<\/strong><\/p>\n<p style=\"text-align: center;\"><strong>November 30, 2017<\/strong><\/p>\n<h4 style=\"text-align: center;\">OFFICIAL SELECTION<\/h4>\n<p>[\/vc_column_text][\/vc_column][\/vc_row][vc_row][vc_column width=\u00bb1\/2&#8243;][vc_column_text css=\u00bb.vc_custom_1514058085718{padding-top: 20px !important;padding-bottom: 30px !important;background-color: #efefef !important;}\u00bb]<\/p>\n<h3 style=\"text-align: center;\">MADRID Human Rights Film Festival<\/h3>\n<p style=\"text-align: center;\"><strong>Madrid, Spain<\/strong><\/p>\n<p style=\"text-align: center;\"><strong>December 15, 2017<\/strong><\/p>\n<h4 style=\"text-align: center;\">OFFICIAL SELECTION<\/h4>\n<p>[\/vc_column_text][\/vc_column][vc_column width=\u00bb1\/2&#8243;][vc_column_text css=\u00bb.vc_custom_1514058099269{padding-top: 20px !important;padding-bottom: 30px !important;background-color: #efefef !important;}\u00bb]<\/p>\n<h3 style=\"text-align: center;\">BARCELONA Human Rights Film Festival<\/h3>\n<p style=\"text-align: center;\"><strong>Barcelona, Spain<\/strong><\/p>\n<p style=\"text-align: center;\"><strong>November 30, 2017<\/strong><\/p>\n<h4 style=\"text-align: center;\">OFFICIAL SELECTION<\/h4>\n<p>[\/vc_column_text][\/vc_column][\/vc_row][vc_row][vc_column][vc_column_text css=\u00bb.vc_custom_1514058434979{padding-top: 20px !important;padding-bottom: 30px !important;background-color: #efefef !important;}\u00bb]<\/p>\n<h3 style=\"text-align: center;\">FESTIVAL DE MALAGA. CINE ESPA\u00d1OL<\/h3>\n<h4 style=\"text-align: center;\">ASSERTING WOMEN&#8217;s RIGTHS<\/h4>\n<p style=\"text-align: center;\"><strong>M\u00e1laga, Espa\u00f1a<\/strong><\/p>\n<p style=\"text-align: center;\"><strong>April, 2016<\/strong><\/p>\n<h3 style=\"text-align: center;\">WINNER &#8211; First Prize &amp; Biznaga de Plata<\/h3>\n<p>[\/vc_column_text][\/vc_column][\/vc_row][vc_row][\/vc_row][vc_column][\/vc_column][vc_column_text][\/vc_column_text][vc_row][\/vc_row][vc_column][\/vc_column][vc_column_text][\/vc_column_text][vc_row][\/vc_row][vc_column][\/vc_column][vc_column_text][\/vc_column_text][vc_row][\/vc_row][vc_column][\/vc_column][vc_column_text][\/vc_column_text][vc_row][\/vc_row][vc_column][\/vc_column][vc_column_text][\/vc_column_text][vc_row][\/vc_row][vc_column][\/vc_column][vc_column_text][\/vc_column_text][vc_row][\/vc_row][vc_column][\/vc_column][vc_column_text][\/vc_column_text][\/vc_section][vc_row][vc_column][vc_column_text][\/vc_column_text][\/vc_column][\/vc_row][vc_column][\/vc_column][vc_column_text][\/vc_column_text][vc_column][\/vc_column][vc_column_text][\/vc_column_text][vc_column][\/vc_column][vc_column_text][\/vc_column_text][vc_column][\/vc_column][vc_column_text][\/vc_column_text][vc_column][\/vc_column][vc_column_text][\/vc_column_text]<\/p>\n<\/div>","protected":false},"excerpt":{"rendered":"<p>[vc_section full_width=\u00bbstretch_row\u00bb el_class=\u00bbhero\u00bb css=\u00bb.vc_custom_1505915986119{background-image: url(https:\/\/www.sandsofsilence.org\/wp-content\/uploads\/2017\/08\/hero-bg.jpg?id=29219) !important;}\u00bb][vc_row el_class=\u00bb \u00bb css=\u00bb.vc_custom_1505916008363{padding-bottom: 40px !important;}\u00bb][vc_column][vc_column_text] Proyecciones en Europa [\/vc_column_text][\/vc_column][\/vc_row][vc_row][\/vc_row][vc_column][\/vc_column][vc_column_text][\/vc_column_text][vc_row][\/vc_row][vc_column][\/vc_column][vc_column_text][\/vc_column_text][vc_row][\/vc_row][vc_column][\/vc_column][vc_column_text][\/vc_column_text][vc_row][\/vc_row][vc_column][\/vc_column][vc_column_text][\/vc_column_text][vc_row][\/vc_row][vc_column][\/vc_column][vc_column_text][\/vc_column_text][vc_row][\/vc_row][vc_column][\/vc_column][vc_column_text][\/vc_column_text][vc_row][\/vc_row][vc_column][\/vc_column][vc_column_text][\/vc_column_text][\/vc_section][vc_row][vc_column][vc_separator][\/vc_column][\/vc_row][vc_row][vc_column][vc_column_text css=\u00bb.vc_custom_1514922588056{padding-top: 20px !important;padding-bottom: 30px !important;background-color: #efefef !important;}\u00bb] Despl\u00e1zate abajo para PROYECCIONES en 2019 [\/vc_column_text][\/vc_column][\/vc_row][vc_row][vc_column][vc_separator][\/vc_column][\/vc_row][vc_row][vc_column][vc_column_text css=\u00bb.vc_custom_1514923861757{padding-top: 20px !important;padding-bottom: 30px !important;background-color: #efefef !important;}\u00bb] DESTACADO Un honor haber presentado la pel\u00edcula en el Parlamento Europeo BRUSELAS 21 de noviembre de 2017 Proyecci\u00f3n y [&hellip;]<\/p>\n","protected":false},"author":1,"featured_media":0,"parent":29609,"menu_order":0,"comment_status":"closed","ping_status":"closed","template":"template-fullWidth.php","meta":{"footnotes":""},"class_list":["post-30898","page","type-page","status-publish","hentry"],"yoast_head":"<!-- This site is optimized with the Yoast SEO plugin v25.7 - https:\/\/yoast.com\/wordpress\/plugins\/seo\/ -->\n<title>EUROPE - Sands of Silence<\/title>\n<meta name=\"robots\" content=\"index, follow, max-snippet:-1, max-image-preview:large, max-video-preview:-1\" \/>\n<link rel=\"canonical\" href=\"https:\/\/www.sandsofsilence.org\/es\/proyecciones\/europa\/\" \/>\n<meta property=\"og:locale\" content=\"es_ES\" \/>\n<meta property=\"og:type\" content=\"article\" \/>\n<meta property=\"og:title\" content=\"Proyecciones en Europa\" \/>\n<meta property=\"og:description\" content=\"SANDS OF SILENCE-ARENAS DE SILENCIO-SABLES DE SILENCE 13 de marzo BARCELONA | 19 de marzo PARIS\" \/>\n<meta property=\"og:url\" content=\"https:\/\/www.sandsofsilence.org\/es\/proyecciones\/europa\/\" \/>\n<meta property=\"og:site_name\" content=\"Sands of Silence\" \/>\n<meta property=\"article:publisher\" content=\"https:\/\/www.facebook.com\/sandsofsilence\/\" \/>\n<meta property=\"article:modified_time\" content=\"2019-11-24T12:27:21+00:00\" \/>\n<meta property=\"og:image\" content=\"https:\/\/www.sandsofsilence.org\/wp-content\/uploads\/2018\/02\/Screenshot-2018-02-23-18.07.08.png\" \/>\n\t<meta property=\"og:image:width\" content=\"1084\" \/>\n\t<meta property=\"og:image:height\" content=\"820\" \/>\n\t<meta property=\"og:image:type\" content=\"image\/png\" \/>\n<meta name=\"twitter:card\" content=\"summary_large_image\" \/>\n<meta name=\"twitter:site\" content=\"@sandsofsilence\" \/>\n<meta name=\"twitter:label1\" content=\"Tiempo de lectura\" \/>\n\t<meta name=\"twitter:data1\" content=\"15 minutos\" \/>\n<script type=\"application\/ld+json\" class=\"yoast-schema-graph\">{\"@context\":\"https:\/\/schema.org\",\"@graph\":[{\"@type\":\"WebPage\",\"@id\":\"https:\/\/www.sandsofsilence.org\/es\/proyecciones\/europa\/\",\"url\":\"https:\/\/www.sandsofsilence.org\/es\/proyecciones\/europa\/\",\"name\":\"EUROPE - Sands of Silence\",\"isPartOf\":{\"@id\":\"https:\/\/www.sandsofsilence.org\/#website\"},\"primaryImageOfPage\":{\"@id\":\"https:\/\/www.sandsofsilence.org\/es\/proyecciones\/europa\/#primaryimage\"},\"image\":{\"@id\":\"https:\/\/www.sandsofsilence.org\/es\/proyecciones\/europa\/#primaryimage\"},\"thumbnailUrl\":\"https:\/\/www.sandsofsilence.org\/wp-content\/uploads\/2018\/05\/SOS-EU-Parliament-11_21_2017-Chelo-Listening-to-audience-2-1024x577.png?_t=1526693050\",\"datePublished\":\"2017-11-30T13:40:29+00:00\",\"dateModified\":\"2019-11-24T12:27:21+00:00\",\"breadcrumb\":{\"@id\":\"https:\/\/www.sandsofsilence.org\/es\/proyecciones\/europa\/#breadcrumb\"},\"inLanguage\":\"es\",\"potentialAction\":[{\"@type\":\"ReadAction\",\"target\":[\"https:\/\/www.sandsofsilence.org\/es\/proyecciones\/europa\/\"]}]},{\"@type\":\"ImageObject\",\"inLanguage\":\"es\",\"@id\":\"https:\/\/www.sandsofsilence.org\/es\/proyecciones\/europa\/#primaryimage\",\"url\":\"https:\/\/www.sandsofsilence.org\/wp-content\/uploads\/2018\/05\/SOS-EU-Parliament-11_21_2017-Chelo-Listening-to-audience-2-1024x577.png?_t=1526693050\",\"contentUrl\":\"https:\/\/www.sandsofsilence.org\/wp-content\/uploads\/2018\/05\/SOS-EU-Parliament-11_21_2017-Chelo-Listening-to-audience-2-1024x577.png?_t=1526693050\"},{\"@type\":\"BreadcrumbList\",\"@id\":\"https:\/\/www.sandsofsilence.org\/es\/proyecciones\/europa\/#breadcrumb\",\"itemListElement\":[{\"@type\":\"ListItem\",\"position\":1,\"name\":\"Home\",\"item\":\"https:\/\/www.sandsofsilence.org\/es\/\"},{\"@type\":\"ListItem\",\"position\":2,\"name\":\"Proyecciones\",\"item\":\"https:\/\/www.sandsofsilence.org\/es\/proyecciones\/\"},{\"@type\":\"ListItem\",\"position\":3,\"name\":\"EUROPE\"}]},{\"@type\":\"WebSite\",\"@id\":\"https:\/\/www.sandsofsilence.org\/#website\",\"url\":\"https:\/\/www.sandsofsilence.org\/\",\"name\":\"Sands of Silence\",\"description\":\"SANDS OF SILENCE: Waves of Courage | This film inspires you to speak out about sexual violence\",\"publisher\":{\"@id\":\"https:\/\/www.sandsofsilence.org\/#organization\"},\"potentialAction\":[{\"@type\":\"SearchAction\",\"target\":{\"@type\":\"EntryPoint\",\"urlTemplate\":\"https:\/\/www.sandsofsilence.org\/?s={search_term_string}\"},\"query-input\":{\"@type\":\"PropertyValueSpecification\",\"valueRequired\":true,\"valueName\":\"search_term_string\"}}],\"inLanguage\":\"es\"},{\"@type\":\"Organization\",\"@id\":\"https:\/\/www.sandsofsilence.org\/#organization\",\"name\":\"Sands of Silence\",\"url\":\"https:\/\/www.sandsofsilence.org\/\",\"logo\":{\"@type\":\"ImageObject\",\"inLanguage\":\"es\",\"@id\":\"https:\/\/www.sandsofsilence.org\/#\/schema\/logo\/image\/\",\"url\":\"https:\/\/www.sandsofsilence.org\/wp-content\/uploads\/2017\/10\/Logo.png\",\"contentUrl\":\"https:\/\/www.sandsofsilence.org\/wp-content\/uploads\/2017\/10\/Logo.png\",\"width\":194,\"height\":69,\"caption\":\"Sands of Silence\"},\"image\":{\"@id\":\"https:\/\/www.sandsofsilence.org\/#\/schema\/logo\/image\/\"},\"sameAs\":[\"https:\/\/www.facebook.com\/sandsofsilence\/\",\"https:\/\/x.com\/sandsofsilence\"]}]}<\/script>\n<!-- \/ Yoast SEO plugin. -->","yoast_head_json":{"title":"EUROPE - Sands of Silence","robots":{"index":"index","follow":"follow","max-snippet":"max-snippet:-1","max-image-preview":"max-image-preview:large","max-video-preview":"max-video-preview:-1"},"canonical":"https:\/\/www.sandsofsilence.org\/es\/proyecciones\/europa\/","og_locale":"es_ES","og_type":"article","og_title":"Proyecciones en Europa","og_description":"SANDS OF SILENCE-ARENAS DE SILENCIO-SABLES DE SILENCE 13 de marzo BARCELONA | 19 de marzo PARIS","og_url":"https:\/\/www.sandsofsilence.org\/es\/proyecciones\/europa\/","og_site_name":"Sands of Silence","article_publisher":"https:\/\/www.facebook.com\/sandsofsilence\/","article_modified_time":"2019-11-24T12:27:21+00:00","og_image":[{"width":1084,"height":820,"url":"https:\/\/www.sandsofsilence.org\/wp-content\/uploads\/2018\/02\/Screenshot-2018-02-23-18.07.08.png","type":"image\/png"}],"twitter_card":"summary_large_image","twitter_site":"@sandsofsilence","twitter_misc":{"Tiempo de lectura":"15 minutos"},"schema":{"@context":"https:\/\/schema.org","@graph":[{"@type":"WebPage","@id":"https:\/\/www.sandsofsilence.org\/es\/proyecciones\/europa\/","url":"https:\/\/www.sandsofsilence.org\/es\/proyecciones\/europa\/","name":"EUROPE - Sands of Silence","isPartOf":{"@id":"https:\/\/www.sandsofsilence.org\/#website"},"primaryImageOfPage":{"@id":"https:\/\/www.sandsofsilence.org\/es\/proyecciones\/europa\/#primaryimage"},"image":{"@id":"https:\/\/www.sandsofsilence.org\/es\/proyecciones\/europa\/#primaryimage"},"thumbnailUrl":"https:\/\/www.sandsofsilence.org\/wp-content\/uploads\/2018\/05\/SOS-EU-Parliament-11_21_2017-Chelo-Listening-to-audience-2-1024x577.png?_t=1526693050","datePublished":"2017-11-30T13:40:29+00:00","dateModified":"2019-11-24T12:27:21+00:00","breadcrumb":{"@id":"https:\/\/www.sandsofsilence.org\/es\/proyecciones\/europa\/#breadcrumb"},"inLanguage":"es","potentialAction":[{"@type":"ReadAction","target":["https:\/\/www.sandsofsilence.org\/es\/proyecciones\/europa\/"]}]},{"@type":"ImageObject","inLanguage":"es","@id":"https:\/\/www.sandsofsilence.org\/es\/proyecciones\/europa\/#primaryimage","url":"https:\/\/www.sandsofsilence.org\/wp-content\/uploads\/2018\/05\/SOS-EU-Parliament-11_21_2017-Chelo-Listening-to-audience-2-1024x577.png?_t=1526693050","contentUrl":"https:\/\/www.sandsofsilence.org\/wp-content\/uploads\/2018\/05\/SOS-EU-Parliament-11_21_2017-Chelo-Listening-to-audience-2-1024x577.png?_t=1526693050"},{"@type":"BreadcrumbList","@id":"https:\/\/www.sandsofsilence.org\/es\/proyecciones\/europa\/#breadcrumb","itemListElement":[{"@type":"ListItem","position":1,"name":"Home","item":"https:\/\/www.sandsofsilence.org\/es\/"},{"@type":"ListItem","position":2,"name":"Proyecciones","item":"https:\/\/www.sandsofsilence.org\/es\/proyecciones\/"},{"@type":"ListItem","position":3,"name":"EUROPE"}]},{"@type":"WebSite","@id":"https:\/\/www.sandsofsilence.org\/#website","url":"https:\/\/www.sandsofsilence.org\/","name":"Sands of Silence","description":"SANDS OF SILENCE: Waves of Courage | This film inspires you to speak out about sexual violence","publisher":{"@id":"https:\/\/www.sandsofsilence.org\/#organization"},"potentialAction":[{"@type":"SearchAction","target":{"@type":"EntryPoint","urlTemplate":"https:\/\/www.sandsofsilence.org\/?s={search_term_string}"},"query-input":{"@type":"PropertyValueSpecification","valueRequired":true,"valueName":"search_term_string"}}],"inLanguage":"es"},{"@type":"Organization","@id":"https:\/\/www.sandsofsilence.org\/#organization","name":"Sands of Silence","url":"https:\/\/www.sandsofsilence.org\/","logo":{"@type":"ImageObject","inLanguage":"es","@id":"https:\/\/www.sandsofsilence.org\/#\/schema\/logo\/image\/","url":"https:\/\/www.sandsofsilence.org\/wp-content\/uploads\/2017\/10\/Logo.png","contentUrl":"https:\/\/www.sandsofsilence.org\/wp-content\/uploads\/2017\/10\/Logo.png","width":194,"height":69,"caption":"Sands of Silence"},"image":{"@id":"https:\/\/www.sandsofsilence.org\/#\/schema\/logo\/image\/"},"sameAs":["https:\/\/www.facebook.com\/sandsofsilence\/","https:\/\/x.com\/sandsofsilence"]}]}},"_links":{"self":[{"href":"https:\/\/www.sandsofsilence.org\/es\/wp-json\/wp\/v2\/pages\/30898","targetHints":{"allow":["GET"]}}],"collection":[{"href":"https:\/\/www.sandsofsilence.org\/es\/wp-json\/wp\/v2\/pages"}],"about":[{"href":"https:\/\/www.sandsofsilence.org\/es\/wp-json\/wp\/v2\/types\/page"}],"author":[{"embeddable":true,"href":"https:\/\/www.sandsofsilence.org\/es\/wp-json\/wp\/v2\/users\/1"}],"replies":[{"embeddable":true,"href":"https:\/\/www.sandsofsilence.org\/es\/wp-json\/wp\/v2\/comments?post=30898"}],"version-history":[{"count":5,"href":"https:\/\/www.sandsofsilence.org\/es\/wp-json\/wp\/v2\/pages\/30898\/revisions"}],"predecessor-version":[{"id":33165,"href":"https:\/\/www.sandsofsilence.org\/es\/wp-json\/wp\/v2\/pages\/30898\/revisions\/33165"}],"up":[{"embeddable":true,"href":"https:\/\/www.sandsofsilence.org\/es\/wp-json\/wp\/v2\/pages\/29609"}],"wp:attachment":[{"href":"https:\/\/www.sandsofsilence.org\/es\/wp-json\/wp\/v2\/media?parent=30898"}],"curies":[{"name":"wp","href":"https:\/\/api.w.org\/{rel}","templated":true}]}}